{"id":29299,"date":"2025-03-06T19:22:09","date_gmt":"2025-03-06T18:22:09","guid":{"rendered":"https:\/\/new.prim-hodinky.cz\/certifikaty-a-loga-nove\/"},"modified":"2025-03-25T00:01:40","modified_gmt":"2025-03-24T23:01:40","slug":"certifikaty","status":"publish","type":"page","link":"https:\/\/new.prim-hodinky.cz\/sk\/certifikaty\/","title":{"rendered":"Certifik\u00e1ty"},"content":{"rendered":"<section id=\"b-fnelzb_m7xobaoi\" class=\"brxe-div\"><img decoding=\"async\" class=\"brxe-image\" id=\"b-kfobix_m7xobaoi\" src=\"https:\/\/new.prim-hodinky.cz\/wp-content\/uploads\/2025\/02\/PRIM-TRITIUM-2025_banner-1920x1022_02.webp\" alt><div id=\"b-qbjode_m7xobaoi\" data-script-id=\"qbjode_m7xobaoi\" class=\"brxe-video\"><video src=\"https:\/\/new.prim-hodinky.cz\/wp-content\/uploads\/2025\/01\/PRIM_Reklama_obecna_FINAL_BEZ-PRIM-web-1-1-1.mp4\" preload=\"metadata\" autoplay playsinline onclick=\"this.paused ? this.play() : this.pause()\" loop muted><p>V\u00e1\u0161 prehliada\u010d nepodporuje video tag.<\/p><\/video><\/div><div id=\"b-sugqub_m7xobaoi\" class=\"brxe-div mobile-view-section-width\"><h1 id=\"b-pgaefz_m7xobaoi\" class=\"brxe-heading h1 hero-sekce-heading-stylizace\">Ochrann\u00e9 zn\u00e1mky<\/h1><\/div><div id=\"b-eixhqp_m7xobaoi\" class=\"brxe-div arrow-down hero-sekce-heading-stylizace\"><i id=\"b-wfisjw_m7xobaoi\" class=\"ion-md-arrow-round-down brxe-icon\"><\/i><\/div><\/section><div id=\"b-napfly_m7xoel6h\" class=\"brxe-div\"><div id=\"b-ayweor_m7xoel6h\" class=\"brxe-div brx-grid\"><div id=\"b-elmhws_m7xoel6h\" class=\"brxe-div\"><div id=\"b-fiwcpy_m7xoel6h\" class=\"brxe-text text\"><div id=\"b-hubxdu_m4aefclm\" class=\"brxe-div\">\n<div id=\"b-lwmqme_m4aefclm\" class=\"brxe-text text\">\n<p>Spolo\u010dnos\u0165 MPM-Quality v.o.s. pou\u017e\u00edva ochrann\u00fa zn\u00e1mku PRIM ako jej vlastn\u00edk, ktor\u00fa riadne nadobudol od jej b\u00fdval\u00e9ho majite\u013ea, a ktor\u00fa m\u00e1 zap\u00edsan\u00fa v registri ochrann\u00fdch zn\u00e1mok, a je opr\u00e1vnen\u00fd ju u\u017e\u00edva\u0165 na ozna\u010dovanie v\u00fdrobkov, pre ktor\u00e9 je zap\u00edsan\u00e1, a to v zmysle ust. 8 ods. 1, 2 z\u00e1k.\u010d. 411\/2003 o ochrann\u00fdch zn\u00e1mkach.  <\/p>\n<p>Pre spolo\u010dnos\u0165 MPM-QUALITY v.o.s. sved\u010d\u00ed ako pr\u00e1vo z in\u00fdch zap\u00edsan\u00fdch ochrann\u00fdch zn\u00e1mok, dokonca s prioritou siahaj\u00facou a\u017e do roku 1955, tak v\u00fdlu\u010dn\u00e9 pr\u00e1vo pou\u017e\u00edva\u0165 autorsk\u00e9 diela v preveden\u00ed l\u00f4g PRIM vytvoren\u00fdch Mgr. Ji\u0159\u00edm Rathousk\u00fdm, a tie\u017e pr\u00e1vo predch\u00e1dzaj\u00faceho u\u017e\u00edvate\u013ea.<\/p>\n<p>Spolo\u010dnos\u0165 MPM-Quality je jedin\u00fdm platn\u00fdm vlastn\u00edkom v\u0161etk\u00fdch ochrann\u00fdch zn\u00e1mok PRIM, predov\u0161etk\u00fdm potom slovnej ochrann\u00e9 zn\u00e1mky PRIM v kateg\u00f3ri\u00e1ch 9 a 14. Z\u00e1rove\u0148 vlastn\u00edme v\u0161etky origin\u00e1lne ochrann\u00e9 zn\u00e1mky grafick\u00e9 a kombinovan\u00e9 zap\u00edsan\u00e9 u\u017e od roku 1955 (Kombinovan\u00e9 \u010d. z\u00e1pisu 152529, priorita ku d\u0148u 20.12.1955). Ide o ochrann\u00e9 zn\u00e1mky PRIM, ktor\u00e9 na\u0161a spolo\u010dnos\u0165 zak\u00fapila v roku 2001 od jedin\u00e9ho pr\u00e1voplatn\u00e9ho vlastn\u00edka zna\u010dky Chronotechna \u0160ternberk (EUTECH).<\/p>\n<\/div>\n<\/div>\n<\/div><\/div><img decoding=\"async\" class=\"brxe-image\" id=\"b-zjyjxo_m7xoel6h\" src=\"https:\/\/new.prim-hodinky.cz\/wp-content\/uploads\/2024\/12\/020_vyber-910x1024-1-768x864.webp\" alt><\/div><\/div><div id=\"b-napfly_m7xof9za\" class=\"brxe-div\"><div id=\"b-eutllh_m7xof9za\" class=\"brxe-div brx-grid\"><div id=\"b-puqlks_m7xof9za\" class=\"brxe-div\"><h3 id=\"b-sfnucy_m7xof9za\" class=\"brxe-heading h3\">REGISTROVAN\u00c9 OCHRANN\u00c9 ZN\u00c1MKY<\/h3><div id=\"b-pmylor_m7xof9za\" class=\"brxe-text text\"><div id=\"b-tzzzyr_m4aefclm\" class=\"brxe-text text\">\n<div>Okrem in\u00e9ho m\u00e1me ako spolo\u010dnos\u0165 MPM-Quality v.o.s. na \u00darade priemyseln\u00e9ho vlastn\u00edctva  <\/div>\n<div> (\u00daPV) zap\u00edsan\u00e9 nasleduj\u00face platn\u00e9 ochrannej zn\u00e1mky:<\/div>\n<\/p>\n<ul>\n<li><a href=\"https:\/\/isdv.upv.cz\/webapp\/resdb.print_detail.det?pspis=OZ\/487135&amp;plang=CS\">Slovn\u00e9 \u010d. z\u00e1pisu 357692, priorita ku d\u0148u 13. 7. 2011  <br data-mce-bogus=\"1\"> <\/a><\/li>\n<li><a href=\"https:\/\/isdv.upv.cz\/webapp\/resdb.print_detail.det?pspis=OZ\/6260&amp;plang=CS\">Kombinovan\u00e1 \u010d. z\u00e1pisu 152529, priorita ku d\u0148u 20. 12. 1955  <br data-mce-bogus=\"1\"> <\/a><\/li>\n<li><a href=\"https:\/\/isdv.upv.cz\/webapp\/resdb.print_detail.det?pspis=OZ\/14583&amp;plang=CS\">Kombinovan\u00e1 \u010d. z\u00e1pisu 153324, priorita ku d\u0148u 08. 01. 1958  <br data-mce-bogus=\"1\"> <\/a><\/li>\n<li><a href=\"https:\/\/isdv.upv.cz\/webapp\/resdb.print_detail.det?pspis=OZ\/53821&amp;plang=CS\">Slovn\u00e1 grafick\u00e1 \u010d. z\u00e1pisu 165917, priorita ku d\u0148u 11. 09. 1984  <br data-mce-bogus=\"1\"> <\/a><\/li>\n<li><a href=\"https:\/\/isdv.upv.cz\/webapp\/resdb.print_detail.det?pspis=OZ\/121716&amp;plang=CS\">Kombinovan\u00e1 \u010d. z\u00e1pisu 208817, priorita ku d\u0148u 30. 04. 1997  <br \/> <\/a><\/li>\n<li><a href=\"https:\/\/isdv.upv.cz\/webapp\/resdb.print_detail.det?pspis=OZ\/154772&amp;plang=CS\">Kombinovan\u00e1 \u010d. z\u00e1pisu 249929, priorita ku d\u0148u 21. 04. 2000   <\/a><\/li>\n<li><a href=\"https:\/\/isdv.upv.cz\/webapp\/resdb.print_detail.det?pspis=OZ\/506093&amp;plang=CS\">Obrazov\u00e1 \u010d. z\u00e1pisu 382324, priorita ku d\u0148u 17. 07. 2013  <br data-mce-bogus=\"1\"> <\/a><\/li>\n<\/ul>\n<\/div>\n<\/div><\/div><img decoding=\"async\" class=\"brxe-image\" id=\"b-rsphyt_m7xof9za\" src=\"https:\/\/new.prim-hodinky.cz\/wp-content\/uploads\/2024\/12\/IMG_9534_tilt-1024x683-1.webp\" alt><\/div><\/div><section id=\"b-jnfdts_m7xogba0\" class=\"brxe-div\"><img decoding=\"async\" class=\"brxe-image\" id=\"b-cluygv_m7xogba0\" src=\"https:\/\/new.prim-hodinky.cz\/wp-content\/uploads\/2024\/12\/PRIM_znacka_uzky.webp\" alt><\/section><div id=\"b-napfly_m7xogxli\" class=\"brxe-div\"><div id=\"b-ayweor_m7xogxli\" class=\"brxe-div brx-grid\"><div id=\"b-elmhws_m7xogxli\" class=\"brxe-div\"><h3 id=\"b-ekonkc_m7xogxli\" class=\"brxe-heading h3\">Log\u00e1 PRIM<\/h3><div id=\"b-fiwcpy_m7xogxli\" class=\"brxe-text text\"><div id=\"b-czjqdl_m4aefclm\" class=\"brxe-text text\">\n<p>Na\u0161ej spolo\u010dnosti dlhodobo patria \u010fal\u0161ie log\u00e1 PRIM vytvoren\u00e9 na\u0161\u00edm grafick\u00fdm \u0161t\u00fadiom ako autorsk\u00e9 diela u\u017e od roku 2002. Patria n\u00e1m taktie\u017e autorsk\u00e9 diela spolo\u010dnosti EUTECH (p\u00f4vodne Chronotechna \u0160ternberk), ku ktor\u00fdm vlastn\u00edme p\u00f4vodn\u00fa v\u00fdkresov\u00fa dokument\u00e1ciu z roku 1967 a je v\u00fdchodzou reproduk\u010dnou podobou pali\u010dkov\u00e9ho loga PRIM, nesk\u00f4r upraven\u00e9ho grafikmi na\u0161ej spolo\u010dnosti. <\/p>\n<p>Spole\u010dnost MPM-QUALITY v.o.s. m\u00e1 v\u00fdhradn\u00ed opr\u00e1vn\u011bn\u00ed u\u017e\u00edvat loga PRIM<br \/>vytvo\u0159en\u00e9 Mgr. Ji\u0159\u00edm Rathousk\u00fdm, jako jeho autorsk\u00e1 d\u00edla, a to na<br \/>z\u00e1klad\u011b licen\u010dn\u00ed smlouvy ze dne 25. 06. 2014 uzav\u0159en\u00e9 s d\u011bdici<br \/>majetkov\u00fdch pr\u00e1v po Mgr. Ji\u0159\u00edm Rathousk\u00e9m, JUDr. Hanou Jare\u0161<br \/>Proch\u00e1zkovou a Anton\u00ednem Jare\u0161em.  <br data-mce-bogus=\"1\">   <\/p>\n<p><b>AKO SPOZNA\u0164 PRAV\u00dd PRIM<\/b><br \/>PRIM origin\u00e1l je len jeden. Najpou\u017e\u00edvanej\u0161ie je najstar\u0161\u00ed oblou\u010dkov\u00e9 logo, ktor\u00e9 vzniklo v roku 1955. Tak spozn\u00e1te origin\u00e1lne hodinky PRIM. <b>Origin\u00e1lny a jedin\u00fd ofici\u00e1lny n\u00e1stupca zna\u010dky, nepou\u017e\u00edva \u017eiadne doplnky, texty nad zna\u010dkou ani pod \u0148ou.<\/b>Logo spozn\u00e1te v\u017edy, vyzer\u00e1 a je presn\u00e9 tak ako ste ho poznali kedysi. Oblou\u010dkov\u00e9 logo PRIM alebo \u010ditate\u013en\u00fd modern\u00fd logotyp p\u00edsmen PRIM. Proste zna\u010dka hodiniek pre v\u0161etky gener\u00e1cie, za dostupn\u00e9 ceny a vo vysokej kvalite, tak ako tomu bolo v\u017edy.  <\/p>\n<\/div>\n<\/div><\/div><img decoding=\"async\" class=\"brxe-image\" id=\"b-zjyjxo_m7xogxli\" src=\"https:\/\/new.prim-hodinky.cz\/wp-content\/uploads\/2025\/03\/prim-vykres-768x768.png\" alt><\/div><\/div><div id=\"b-pfjxkg_m7xpg3w4\" class=\"brxe-div brx-grid\"><div id=\"b-fphmnr_m7xpg3w4\" class=\"brxe-div\"><h5 id=\"b-kfirlv_m7xpg3w4\" class=\"brxe-heading h5\">HISTORICKY NAJSTAR\u0160IE LOGO POU\u017d\u00cdVAN\u00c9 DNES<\/h5><div id=\"b-vcvgmm_m7xpg3w4\" class=\"brxe-text text\"><p>Prv\u00e1 ochrann\u00e1 zn\u00e1mka PRIM bola registrovan\u00e1 u\u017e v roku 1955 \u0161ternmberskou Chronotechnou pre ozna\u010denie jej vyr\u00e1ban\u00fdch \u010dasomern\u00fdch zariaden\u00ed, i\u0161lo o p\u00edsmen\u00e1 PRIM, ktor\u00e1 sa ku kraju zni\u017euj\u00fa a ktor\u00e9 maj\u00fa okolo seba zhora preru\u0161en\u00fa bord\u00faru (tzv. bochn\u00edkov\u00fd tvar). V roku 1958 bola zaregistrovan\u00e1 vtedaj\u0161\u00edm n\u00e1rodn\u00fdm podnikom Chronotechna \u010fal\u0161ia ochrann\u00e1 zn\u00e1mka PRIM v rovnakej grafickej podobe, ako je t\u00e1 z roku 1955. T\u00e1to zn\u00e1mka bola registrovan\u00e1 aj pre n\u00e1ramkov\u00e9 hodinky.  <\/p>\n<\/div><\/div><img decoding=\"async\" class=\"brxe-image\" id=\"b-rmizxr_m7xpg3w4\" src=\"https:\/\/new.prim-hodinky.cz\/wp-content\/uploads\/2024\/12\/PRIM_1955-logo_kotovani_1-1024x725-1.webp\" alt><\/div><div id=\"b-hoqplb_m7xpyjb0\" class=\"brxe-div brx-grid\"><div id=\"b-csjtyq_m7xpyjb0\" class=\"brxe-div\"><h5 id=\"b-anscqi_m7xpyjb0\" class=\"brxe-heading h5\">S\u00da\u010cASN\u00c9 LOGO<\/h5><div id=\"b-vgwhka_m7xpyjb0\" class=\"brxe-text text\"><div>V s\u00fa\u010dasnosti pou\u017e\u00edvame pre ozna\u010dovanie hodiniek PRIM tie\u017e \u010fal\u0161ie logo PRIM, ktor\u00e9 vych\u00e1dza z modern\u00e9ho fontu, je vysoko \u010ditate\u013en\u00e9 ako na hodink\u00e1ch, tak v reklamn\u00fdch materi\u00e1loch. M\u00e1 potrebn\u00fa dynamiku a z\u00e1rove\u0148 nadv\u00e4zuje na to najlep\u0161ie z predch\u00e1dzaj\u00facich verzii l\u00f4g PRIM. <b><a href=\"https:\/\/isdv.upv.cz\/webapp\/resdb.print_detail.det?pspis=OZ\/53821&amp;plang=CS\" target=\"_blank\">Grafick\u00e1 a slovn\u00ed ochrann\u00e1 zn\u00e1mka 1. OZ PRIM \u010d. 165917  <br data-mce-bogus=\"1\"><\/a><\/b>.<\/div><\/p>\n<\/div><\/div><img decoding=\"async\" class=\"brxe-image\" id=\"b-srarmq_m7xpyjb0\" src=\"https:\/\/new.prim-hodinky.cz\/wp-content\/uploads\/2024\/12\/PRIM-smezirkou.webp\" alt><\/div><div id=\"b-pfjxkg_m7xpimia\" class=\"brxe-div brx-grid\"><div id=\"b-fphmnr_m7xpimia\" class=\"brxe-div\"><h5 id=\"b-kfirlv_m7xpimia\" class=\"brxe-heading h5\">S\u00da\u010cASN\u00c9 LOGO<\/h5><div id=\"b-vcvgmm_m7xpimia\" class=\"brxe-text text\"><p>V s\u00fa\u010dasnosti pou\u017e\u00edvame pre ozna\u010dovanie hodiniek PRIM tie\u017e \u010fal\u0161ie logo PRIM, ktor\u00e9 vych\u00e1dza z modern\u00e9ho fontu, je vysoko \u010ditate\u013en\u00e9 ako na hodink\u00e1ch, tak v reklamn\u00fdch materi\u00e1loch. M\u00e1 potrebn\u00fa dynamiku a z\u00e1rove\u0148 nadv\u00e4zuje na to najlep\u0161ie z predch\u00e1dzaj\u00facich verzii l\u00f4g PRIM. <\/p>\n<\/div><\/div><img decoding=\"async\" class=\"brxe-image\" id=\"b-rmizxr_m7xpimia\" src=\"https:\/\/new.prim-hodinky.cz\/wp-content\/uploads\/2024\/12\/PRIM_2014-logo_kotovani_2-1024x321-1.webp\" alt><\/div><div id=\"b-hoqplb_m7xpyzc8\" class=\"brxe-div brx-grid\"><div id=\"b-csjtyq_m7xpyzc8\" class=\"brxe-div\"><h5 id=\"b-anscqi_m7xpyzc8\" class=\"brxe-heading h5\">ZJEDNODU\u0160EN\u00c9 LOGO \u2013 IKONA<\/h5><div id=\"b-vgwhka_m7xpyzc8\" class=\"brxe-text text\"><p>N\u00e1\u0161 t\u00edm grafikov vytvoril logo, ktor\u00e9 odr\u00e1\u017ea na\u0161e hodnoty trad\u00edcie a modernity. P\u00edsmeno P je spojen\u00e9 kruhov\u00fdm obl\u00fakom, ktor\u00fd predstavuje plynutie \u010dasu. Tento prvok je pre n\u00e1s k\u013e\u00fa\u010dov\u00fdm symbolom na\u0161ej zna\u010dky. Stret\u00e1va\u0165 sa s nov\u00fdm logom budete postupne na v\u0161etk\u00fdch na\u0161ich nov\u00fdch modeloch a tie\u017e promo aktivit\u00e1ch.  <\/p>\n<\/div><\/div><img decoding=\"async\" class=\"brxe-image\" id=\"b-srarmq_m7xpyzc8\" src=\"https:\/\/new.prim-hodinky.cz\/wp-content\/uploads\/2025\/03\/prim-loga-male-e1741287435868.png\" alt><\/div><div id=\"b-pfjxkg_m7xpll6x\" class=\"brxe-div brx-grid\"><div id=\"b-fphmnr_m7xpll6x\" class=\"brxe-div\"><h5 id=\"b-kfirlv_m7xpll6x\" class=\"brxe-heading h5\">PRIM MOTTO \u2013 V\u00ddZNAM PRO NA\u0160ICH Z\u00c1KAZN\u00cdKOV A ZAMESTNANCOV<\/h5><div id=\"b-vcvgmm_m7xpll6x\" class=\"brxe-text text\"><p>Ako zna\u010dka \u010dasu si cen\u00edme ka\u017ed\u00e9ho z na\u0161ich z\u00e1kazn\u00edkov, ale tie\u017e cel\u00e9ho teamu pracovn\u00edkov okolo n\u00e1s. Rozhodli sme sa preto zisti\u0165, \u010do pre V\u00e1s zna\u010dka PRIM znamen\u00e1. Dostali sme viac ako stovku n\u00e1vrhov a n\u00e1padov, a to pre n\u00e1s znamen\u00e1 skuto\u010dne ve\u013ea. V\u00fdhern\u00fdm mottom sa stalo <b>\u201ePRIM m\u00f4j \u010das, m\u00f4j svet\u201c<\/b>   <span> \u2013 to vystihuje hodnoty PRIMu a na\u0161ich rozmanit\u00fdch z\u00e1kazn\u00edkov. Ver\u00edme, \u017ee z na\u0161ej \u0161irokej kolekcie si ka\u017ed\u00fd vyberie svoje origin\u00e1lne hodinky, s ktor\u00fdmi  <\/span><b>\u201esvoj \u010das\u201c<\/b> (m\u00f4j \u010das) bude tr\u00e1vi\u0165 presne tak ako sn\u00edva <b>\u201esvoj svet\u201c<\/b> (m\u00f4j svet). S mottom sa budete postupne stret\u00e1va\u0165 na promo aktivit\u00e1ch na\u0161ej zna\u010dky.<\/p>\n<\/div><\/div><img decoding=\"async\" class=\"brxe-image\" id=\"b-rmizxr_m7xpll6x\" src=\"https:\/\/new.prim-hodinky.cz\/wp-content\/uploads\/2024\/12\/LOGO-SLOGAN.webp\" alt><\/div><section id=\"b-jnfdts_m7xpo4bs\" class=\"brxe-div\"><img decoding=\"async\" class=\"brxe-image\" id=\"b-cluygv_m7xpo4bs\" src=\"https:\/\/new.prim-hodinky.cz\/wp-content\/uploads\/2024\/12\/CZECH-MADE.webp\" alt><\/section><div id=\"b-napfly_m7xpopxd\" class=\"brxe-div\"><div id=\"b-ayweor_m7xpopxd\" class=\"brxe-div brx-grid\"><div id=\"b-elmhws_m7xpopxd\" class=\"brxe-div\"><h3 id=\"b-ekonkc_m7xpopxd\" class=\"brxe-heading h3\">CZECH MADE<\/h3><div id=\"b-fiwcpy_m7xpopxd\" class=\"brxe-text text\"><div id=\"b-mmnnfu_m4aefclm\" class=\"brxe-text text\">\n<p>Vyu\u017e\u00edvame z\u00e1zemie silnej firmy s 25 rokmi sk\u00fasenost\u00ed v obore hodin\u00e1r\u010diny, sme ako jedin\u00ed v hodin\u00e1rskom segmente dr\u017eite\u013emi certifik\u00e1tu CZECH MADE a ka\u017edoro\u010dne pravidelne certifikujeme nov\u00e9 modely PRIM.<\/p>\n<p>Hodinky PRIM z na\u0161ej produkcie s\u00fa neust\u00e1le testovan\u00e9 a vylep\u0161ovan\u00e9, preto ur\u010duj\u00fa trendy v obore. Medzi na\u0161ich z\u00e1kazn\u00edkov patria v\u00fdznamn\u00e9 osobnosti, \u0161portovci, celebrity, ale predov\u0161etk\u00fdm Vy, na\u0161i n\u00e1ro\u010dn\u00ed z\u00e1kazn\u00edci, ktor\u00ed oce\u0148uj\u00fa ka\u017edodenn\u00fa v\u00fddr\u017e a kvalitu hodiniek PRIM. Na\u0161i dizajn\u00e9ri a hodin\u00e1ri priamo v centr\u00e1le na\u0161ej spolo\u010dnosti pravidelne vym\u00fd\u0161\u013eaj\u00fa nov\u00e9 kolekcie a vyu\u017e\u00edvaj\u00fa najnov\u0161ie technol\u00f3gie a materi\u00e1ly.  <\/p>\n<\/div>\n<\/div><\/div><img decoding=\"async\" class=\"brxe-image\" id=\"b-zjyjxo_m7xpopxd\" src=\"https:\/\/new.prim-hodinky.cz\/wp-content\/uploads\/2025\/03\/czmade-1-1-768x768.png\" alt><\/div><\/div><div id=\"b-pfjxkg_m7xpqytg\" class=\"brxe-div brx-grid\"><div id=\"b-fphmnr_m7xpqytg\" class=\"brxe-div\"><h5 id=\"b-kfirlv_m7xpqytg\" class=\"brxe-heading h5\">ROZHODNUT\u00cd EUIPO<\/h5><div id=\"b-vcvgmm_m7xpqytg\" class=\"brxe-text text\"><div id=\"b-mjnzbd_m4aefclm\" class=\"brxe-text text\">\n<p><span>D\u0148a 1. febru\u00e1ra 2017 bolo na str\u00e1nkach EUIPO uverejnen\u00e9 rozhodnutie vo veci n\u00e1vrhu na zru\u0161enie eur\u00f3pskej zn\u00e1mky protistrany a bolo rozhodnut\u00e9: <\/span><\/p>\n<p><span><\/span><i>Rozhodnutie EUIPO \u2013 \u010diasto\u010dn\u00e9 zru\u0161enie eur\u00f3pskej zn\u00e1mky protistrany \u201eManufacture Prim 1949\u201c v podstatnej \u010dasti zoznamu tovarov a slu\u017eieb a pre v\u0161etky v\u00fdrobky a slu\u017eby v triedach 9, 14 a 35.<\/i><\/p>\n<\/div>\n<\/div><\/div><img decoding=\"async\" class=\"brxe-image\" id=\"b-rmizxr_m7xpqytg\" src=\"https:\/\/new.prim-hodinky.cz\/wp-content\/uploads\/2024\/12\/EU-ipo-rozhodnuti.webp\" alt><\/div><div id=\"b-tyagzm_m7xprk44\" class=\"brxe-div\"><\/div>","protected":false},"excerpt":{"rendered":"","protected":false},"author":1,"featured_media":0,"parent":0,"menu_order":0,"comment_status":"closed","ping_status":"closed","template":"templates\/gutenbricks-dynamic-template-default.php","meta":{"_acf_changed":false,"footnotes":""},"class_list":["post-29299","page","type-page","status-publish","hentry"],"acf":[],"_links":{"self":[{"href":"https:\/\/new.prim-hodinky.cz\/sk\/wp-json\/wp\/v2\/pages\/29299","targetHints":{"allow":["GET"]}}],"collection":[{"href":"https:\/\/new.prim-hodinky.cz\/sk\/wp-json\/wp\/v2\/pages"}],"about":[{"href":"https:\/\/new.prim-hodinky.cz\/sk\/wp-json\/wp\/v2\/types\/page"}],"author":[{"embeddable":true,"href":"https:\/\/new.prim-hodinky.cz\/sk\/wp-json\/wp\/v2\/users\/1"}],"replies":[{"embeddable":true,"href":"https:\/\/new.prim-hodinky.cz\/sk\/wp-json\/wp\/v2\/comments?post=29299"}],"version-history":[{"count":5,"href":"https:\/\/new.prim-hodinky.cz\/sk\/wp-json\/wp\/v2\/pages\/29299\/revisions"}],"predecessor-version":[{"id":30780,"href":"https:\/\/new.prim-hodinky.cz\/sk\/wp-json\/wp\/v2\/pages\/29299\/revisions\/30780"}],"wp:attachment":[{"href":"https:\/\/new.prim-hodinky.cz\/sk\/wp-json\/wp\/v2\/media?parent=29299"}],"curies":[{"name":"wp","href":"https:\/\/api.w.org\/{rel}","templated":true}]}}