{"id":30289,"date":"2025-03-20T08:06:56","date_gmt":"2025-03-20T07:06:56","guid":{"rendered":"https:\/\/new.prim-hodinky.cz\/?post_type=aktualita&#038;p=30289"},"modified":"2025-03-20T08:08:41","modified_gmt":"2025-03-20T07:08:41","slug":"hodinky-prim-pro-nejlepsiho-trenera-roku-2025","status":"publish","type":"aktualita","link":"https:\/\/new.prim-hodinky.cz\/sk\/aktualita\/hodinky-prim-pro-nejlepsiho-trenera-roku-2025\/","title":{"rendered":"Hodinky PRIM pro nejlep\u0161\u00edho tren\u00e9ra roku 2025!"},"content":{"rendered":"\n<p>Jsme hrd\u00ed, \u017ee m\u016f\u017eeme jako partne\u0159i podpo\u0159it ty, kte\u0159\u00ed tr\u00e9nuj\u00ed srdcem. Nejlep\u0161\u00ed tren\u00e9r roku 2025 si krom\u011b presti\u017en\u00edho ocen\u011bn\u00ed odn\u00e1\u0161\u00ed i \u010desk\u00e9 hodinky PRIM \u2013 symbol preciznosti, tradice a vytrvalosti. Gratulujeme v\u00edt\u011bz\u016fm, Pavlovi Dav\u00eddkovi a Radimovi Rul\u00edkovi! D\u011bkujeme v\u0161em tren\u00e9r\u016fm, kte\u0159\u00ed inspiruj\u00ed dal\u0161\u00ed generace sportovc\u016f!<\/p>\n\n\n\n<figure class=\"wp-block-gallery has-nested-images columns-default is-cropped wp-block-gallery-1 is-layout-flex wp-block-gallery-is-layout-flex\">\n<figure class=\"wp-block-image size-large\"><img loading=\"lazy\" decoding=\"async\" width=\"1024\" height=\"683\" data-id=\"30293\" src=\"https:\/\/new.prim-hodinky.cz\/wp-content\/uploads\/2025\/03\/COV_foto_009_id_sOH3fkC9ThAAAAAAAAT62g_67d7e584db7cd-1024x683.webp\" alt=\"\" class=\"wp-image-30293\" srcset=\"https:\/\/new.prim-hodinky.cz\/wp-content\/uploads\/2025\/03\/COV_foto_009_id_sOH3fkC9ThAAAAAAAAT62g_67d7e584db7cd-1024x683.webp 1024w, https:\/\/new.prim-hodinky.cz\/wp-content\/uploads\/2025\/03\/COV_foto_009_id_sOH3fkC9ThAAAAAAAAT62g_67d7e584db7cd-300x200.webp 300w, https:\/\/new.prim-hodinky.cz\/wp-content\/uploads\/2025\/03\/COV_foto_009_id_sOH3fkC9ThAAAAAAAAT62g_67d7e584db7cd-768x512.webp 768w, https:\/\/new.prim-hodinky.cz\/wp-content\/uploads\/2025\/03\/COV_foto_009_id_sOH3fkC9ThAAAAAAAAT62g_67d7e584db7cd-1536x1024.webp 1536w, https:\/\/new.prim-hodinky.cz\/wp-content\/uploads\/2025\/03\/COV_foto_009_id_sOH3fkC9ThAAAAAAAAT62g_67d7e584db7cd.webp 1920w\" sizes=\"auto, (max-width: 1024px) 100vw, 1024px\" \/><\/figure>\n\n\n\n<figure class=\"wp-block-image size-large\"><img loading=\"lazy\" decoding=\"async\" width=\"1024\" height=\"683\" data-id=\"30291\" src=\"https:\/\/new.prim-hodinky.cz\/wp-content\/uploads\/2025\/03\/COV_foto_008_id_sOH3fkC9ThAAAAAAAAT65g_67d7e57fe2cc7-1024x683.webp\" alt=\"\" class=\"wp-image-30291\" srcset=\"https:\/\/new.prim-hodinky.cz\/wp-content\/uploads\/2025\/03\/COV_foto_008_id_sOH3fkC9ThAAAAAAAAT65g_67d7e57fe2cc7-1024x683.webp 1024w, https:\/\/new.prim-hodinky.cz\/wp-content\/uploads\/2025\/03\/COV_foto_008_id_sOH3fkC9ThAAAAAAAAT65g_67d7e57fe2cc7-300x200.webp 300w, https:\/\/new.prim-hodinky.cz\/wp-content\/uploads\/2025\/03\/COV_foto_008_id_sOH3fkC9ThAAAAAAAAT65g_67d7e57fe2cc7-768x512.webp 768w, https:\/\/new.prim-hodinky.cz\/wp-content\/uploads\/2025\/03\/COV_foto_008_id_sOH3fkC9ThAAAAAAAAT65g_67d7e57fe2cc7-1536x1024.webp 1536w, https:\/\/new.prim-hodinky.cz\/wp-content\/uploads\/2025\/03\/COV_foto_008_id_sOH3fkC9ThAAAAAAAAT65g_67d7e57fe2cc7.webp 1920w\" sizes=\"auto, (max-width: 1024px) 100vw, 1024px\" \/><\/figure>\n\n\n\n<figure class=\"wp-block-image size-large\"><img loading=\"lazy\" decoding=\"async\" width=\"1024\" height=\"819\" data-id=\"30292\" src=\"https:\/\/new.prim-hodinky.cz\/wp-content\/uploads\/2025\/03\/COV_foto_013_id_sOH3fkC9ThAAAAAAAAT60Q_67d7e58beea46-1-1024x819.webp\" alt=\"\" class=\"wp-image-30292\" srcset=\"https:\/\/new.prim-hodinky.cz\/wp-content\/uploads\/2025\/03\/COV_foto_013_id_sOH3fkC9ThAAAAAAAAT60Q_67d7e58beea46-1-1024x819.webp 1024w, https:\/\/new.prim-hodinky.cz\/wp-content\/uploads\/2025\/03\/COV_foto_013_id_sOH3fkC9ThAAAAAAAAT60Q_67d7e58beea46-1-300x240.webp 300w, https:\/\/new.prim-hodinky.cz\/wp-content\/uploads\/2025\/03\/COV_foto_013_id_sOH3fkC9ThAAAAAAAAT60Q_67d7e58beea46-1-768x614.webp 768w, https:\/\/new.prim-hodinky.cz\/wp-content\/uploads\/2025\/03\/COV_foto_013_id_sOH3fkC9ThAAAAAAAAT60Q_67d7e58beea46-1-1536x1229.webp 1536w, https:\/\/new.prim-hodinky.cz\/wp-content\/uploads\/2025\/03\/COV_foto_013_id_sOH3fkC9ThAAAAAAAAT60Q_67d7e58beea46-1.webp 1920w\" sizes=\"auto, (max-width: 1024px) 100vw, 1024px\" \/><\/figure>\n<\/figure>\n\n\n\n<p>Na tr\u00e1v\u011b, vod\u011b \u010di ov\u00e1le jsou jako doma, p\u0159esto se tren\u00e9\u0159i nezalekli ani toho, kdy\u017e se stali p\u0159\u00edm\u00fdmi akt\u00e9ry divadeln\u00edho p\u0159edstaven\u00ed. Ud\u00edlen\u00ed cen Tren\u00e9r roku toti\u017e prob\u00edhalo v \u010cinohern\u00edm klubu p\u0159i h\u0159e D\u00e1msk\u00fd krej\u010d\u00ed. Individu\u00e1ln\u00ed kategorii opanoval Pavel Dav\u00eddek. Tren\u00e9r, se kter\u00fdm kajak\u00e1\u0159 Josef Dost\u00e1l nav\u00e1zal na \u0159adu st\u0159\u00edbrn\u00fdch a bronzov\u00fdch medail\u00ed z olympijsk\u00fdch her a v Pa\u0159\u00ed\u017ei z\u00edskal vysn\u011bn\u00e9 zlato.<\/p>\n\n\n\n<p>V&nbsp;anket\u011b \u010cesk\u00e9 tren\u00e9rsk\u00e9 akademie, je\u017e je sou\u010d\u00e1st\u00ed \u010cesk\u00e9ho olympijsk\u00e9ho v\u00fdboru, kategorii kolektivn\u00edch sport\u016f ovl\u00e1dl ji\u017e po druh\u00e9 Radim Rul\u00edk, kter\u00fd st\u00e1l za zlat\u00fdmi hokejisty loni na mistrovstv\u00ed sv\u011bta v&nbsp;Praze. Tren\u00e9rem objevitelem se stal Ji\u0159\u00ed \u0160usta, d\u00edky n\u011bmu\u017e se dostalo mnoho nad\u011bjn\u00fdch mlad\u00fdch fotbalist\u016f a\u017e na vrcholnou \u00farove\u0148. Tren\u00e9rem parasportu byl ocen\u011bn Petr Theil, kter\u00fd pom\u00e1h\u00e1 k&nbsp;\u00fasp\u011bch\u016fm paraplavce Davida Kratochv\u00edla, paralympijsk\u00e9ho v\u00edt\u011bze z&nbsp;Pa\u0159\u00ed\u017ee. Do S\u00edn\u011b sl\u00e1vy p\u0159ibylo sedm velk\u00fdch jmen, v\u010detn\u011b tren\u00e9ra bronzov\u00fdch \u0161erm\u00ed\u0159\u016f z&nbsp;Pa\u0159\u00ed\u017ee Old\u0159icha Kubi\u0161ty.<\/p>\n\n\n\n<p>\u00a0\u201eVy m\u00e1te vz\u00e1cnou kombinaci dvou nebezpe\u010dn\u00fdch vir\u016f, vir \u0160usta a\u00a0\u0160micer,\u201c \u0159ekl jeden z\u00a0herc\u016f p\u0159i vtipn\u00e9 sc\u00e9nce fotbalov\u00e9ho tren\u00e9ra a\u00a0jeho b\u00fdval\u00e9ho sv\u011b\u0159ence. \u201eVir \u0160usta se podepsal na d\u011btech a\u00a0ml\u00e1de\u017ei ve virov\u00e9 kolonii Slavia. Jedn\u00edm z\u00a0jeho velk\u00fdch objev\u016f bylo vytvo\u0159en\u00ed virov\u00e9 mutace \u0160micer. Ten pak na Britsk\u00fdch ostrovech ud\u011blal po\u0159\u00e1dnou paseku. Ale co bych v\u00e1m na to dal,\u201c zam\u00fd\u0161lel se. \u201eNo p\u0159ece titul \u2013 tren\u00e9r Objevitel.\u201c<\/p>\n\n\n\n<p><strong>Individu\u00e1ln\u00ed kategorie<\/strong><\/p>\n\n\n\n<p>Pavel Dav\u00eddek za\u010dal tren\u00e9rsky spolupracovat s&nbsp;kajak\u00e1\u0159em Josefem Dost\u00e1lem v&nbsp;roce 2022, d\u00edky sv\u00e9mu vzd\u011bl\u00e1n\u00ed v&nbsp;oboru fyzioterapie p\u0159inesl do jeho tr\u00e9ninkov\u00e9ho procesu nov\u00fd pohled. Zavedl jin\u00e9 tr\u00e9ninkov\u00e9 metody, v\u010detn\u011b specifick\u00e9 j\u00edzdy s&nbsp;gumicukem. Tento p\u0159\u00edstup vedl ke zlep\u0161en\u00ed v\u00fdkonnosti, co\u017e se v\u00fdrazn\u011b projevilo v&nbsp;sezon\u011b 2024. Dost\u00e1l triumfoval na olympijsk\u00fdch hr\u00e1ch v&nbsp;Pa\u0159\u00ed\u017ei na trati 1000 metr\u016f a&nbsp;z\u00edskal tak\u00e9 titul mistra sv\u011bta na neolympijsk\u00e9 p\u011btistovce.<\/p>\n\n\n\n<p>\u201eCht\u011bl bych pod\u011bkovat rodin\u011b, Pepovi, cel\u00e9mu t\u00fdmu a&nbsp;Dukle,\u201c \u0159ekl. \u201eMy tren\u00e9\u0159i jsme taky takov\u00ed re\u017eis\u00e9\u0159i p\u0159i z\u00e1vod\u011b. Ale jakmile to vypukne, u\u017e se s&nbsp;t\u00edm d\u00e1 m\u00e1lo co d\u011blat. Od t\u00e9 doby, co Pepa vyhr\u00e1l olympi\u00e1du, jsme absolvovali mnoho vyhl\u00e1\u0161en\u00ed. Tenhle form\u00e1t je nestandartn\u00ed, ale kr\u00e1sn\u00fd.\u201c<\/p>\n\n\n\n<p><strong>Kolektivn\u00ed sporty<\/strong><\/p>\n\n\n\n<p>Radim Rul\u00edk je podepsan\u00fd pod \u0159adou pozoruhodn\u00fdch v\u00fdsledk\u016f. V&nbsp;roce 2022 p\u0159evzal jako hlavn\u00ed kou\u010d reprezenta\u010dn\u00ed v\u00fdb\u011br do 20 let a&nbsp;na p\u0159elomu roku s&nbsp;n\u00edm z\u00edskal na sv\u011btov\u00e9m \u0161ampion\u00e1tu st\u0159\u00edbrnou medaili. V&nbsp;roce 2023 byl jmenov\u00e1n hlavn\u00edm tren\u00e9rem \u010desk\u00e9 hokejov\u00e9 reprezentace, se kterou loni po 14 letech vybojoval titul mistra sv\u011bta.<\/p>\n\n\n\n<p>\u201eOcen\u011bn\u00ed m\u011b moc t\u011b\u0161\u00ed, ale nen\u00ed to zdaleka jen m\u00e1 pr\u00e1ce. Se\u0161la se skv\u011bl\u00e1 parta hokejist\u016f a&nbsp;cel\u00e9ho realiza\u010dn\u00edho t\u00fdmu, kter\u00e1 si \u0161la za v\u00edt\u011bzstv\u00edm. Pro \u00fasp\u011bch ud\u011blala maximum. A&nbsp;samoz\u0159ejm\u011b n\u00e1s hnala obrovsk\u00e1 podpora dom\u00e1c\u00edch fanou\u0161k\u016f.\u201c<\/p>\n\n\n\n<p><strong>Tren\u00e9r Objevitel<\/strong><\/p>\n\n\n\n<p>Ji\u0159\u00ed \u0160usta pat\u0159\u00ed mezi v\u00fdznamn\u00e9 \u010desk\u00e9 fotbalov\u00e9 tren\u00e9ry, kte\u0159\u00ed se nesmazateln\u011b zapsali do historie v\u00fdchovy mlad\u00fdch talent\u016f. Jeho jm\u00e9no je nejv\u00edce spojov\u00e1no s&nbsp;objevem Vladim\u00edra \u0160micera, pozd\u011bj\u0161\u00edho reprezentant a&nbsp;v\u00edt\u011bze Ligy mistr\u016f v&nbsp;roce 2005 s&nbsp;Liverpoolem. \u0160usta je zn\u00e1m\u00fd sv\u00fdm citem pro talent, d\u00edky \u010demu\u017e se mnoho nad\u011bjn\u00fdch fotbalist\u016f dostalo a\u017e na vrcholnou \u00farove\u0148. Krom\u011b \u0160micera pro\u0161li jeho veden\u00edm tak\u00e9 David Jarol\u00edm, Martin P\u011bni\u010dka, Radek Bejbl, Martin Hysk\u00fd, Ji\u0159\u00ed \u0160tajner nebo Luk\u00e1\u0161 Jarol\u00edm.<\/p>\n\n\n\n<p><strong>Tren\u00e9r para sportu<\/strong><\/p>\n\n\n\n<p>Petr Thiel se v\u011bnuje jak sportovc\u016fm bez handicapu, tak para plavc\u016fm. Mezi jeho nejv\u011bt\u0161\u00ed \u00fasp\u011bchy pat\u0159\u00ed spolupr\u00e1ce s&nbsp;Davidem Kratochv\u00edlem, kter\u00e9ho dovedl a\u017e k&nbsp;titulu paralympijsk\u00e9ho v\u00edt\u011bze, mistra sv\u011bta i&nbsp;mistra Evropy. Vedle Kratochv\u00edla se v\u011bnuje p\u0159\u00edprav\u011b dal\u0161\u00edch talentovan\u00fdch plavc\u016f, mezi nimi\u017e vynik\u00e1 Alex Borsk\u00e1 a&nbsp;Tade\u00e1\u0161 Stra\u0161\u00edk. Thiel je tak\u00e9 jedn\u00edm ze zakladatel\u016f \u00dasteck\u00e9 akademie plaveck\u00fdch sport\u016f, kterou spoluzalo\u017eil v&nbsp;roce 2015 a&nbsp;kde dodnes p\u016fsob\u00ed jako tren\u00e9r.<\/p>\n\n\n\n<p><strong>S\u00ed\u0148 sl\u00e1vy<\/strong><\/p>\n\n\n\n<p><strong>Old\u0159ich Kubi\u0161ta \u2013 \u0161erm<\/strong><br>Old\u0159ich Kubi\u0161ta je v\u00fdznamnou osobnost\u00ed \u010desk\u00e9ho \u0161ermu, dlouholet\u00fd reprezentant a&nbsp;\u00fasp\u011b\u0161n\u00fd tren\u00e9r. Jako z\u00e1vodn\u00edk se specializoval na \u0161erm kordem a&nbsp;v&nbsp;roce 1980 se stal juniorsk\u00fdm mistrem sv\u011bta. Vrcholem jeho kari\u00e9ry byla \u00fa\u010dast na olympijsk\u00fdch hr\u00e1ch v&nbsp;Moskv\u011b 1980, kde se v&nbsp;t\u00fdmov\u00e9 sout\u011b\u017ei um\u00edstil na 6. m\u00edst\u011b. Od roku 1993 p\u016fsob\u00ed jako \u0161\u00e9ftren\u00e9r klubu USK Praha a&nbsp;mezi lety 1999\u20132013 zast\u00e1val pozici \u0161\u00e9ftren\u00e9ra \u010cesk\u00e9ho \u0161erm\u00ed\u0159sk\u00e9ho svazu. Od roku 2021 vede \u010desk\u00fd mu\u017esk\u00fd t\u00fdm kordist\u016f, se kter\u00fdm z\u00edskal historick\u00fd bronz na olympijsk\u00fdch hr\u00e1ch v&nbsp;Pa\u0159\u00ed\u017ei 2024.<\/p>\n\n\n\n<p><strong>Miroslav Ber\u00e1nek \u2013 fotbal<\/strong><br>Fotbalov\u00fd tren\u00e9r a&nbsp;b\u00fdval\u00fd hr\u00e1\u010d Miroslav Ber\u00e1nek je zn\u00e1m\u00fd svou \u00fasp\u011b\u0161nou kari\u00e9rou na klubov\u00e9 i&nbsp;reprezenta\u010dn\u00ed \u00farovni. Jako tren\u00e9r vedl n\u011bkolik \u010desk\u00fdch i&nbsp;zahrani\u010dn\u00edch klub\u016f, v\u010detn\u011b Slavie Praha, s&nbsp;n\u00ed\u017e v&nbsp;roce 2002 vyhr\u00e1l \u010cesk\u00fd poh\u00e1r. V\u00fdznamn\u011b se pod\u00edlel na \u00fasp\u011bchu \u010desk\u00e9 reprezentace do 21 let, kterou v&nbsp;roce 2002 dovedl k&nbsp;titulu mistr\u016f Evropy. P\u016fsobil tak\u00e9 jako asistent u&nbsp;seniorsk\u00e9 reprezentace a&nbsp;vedl n\u00e1rodn\u00ed t\u00fdm Kazachst\u00e1nu a&nbsp;p\u016fsobil i&nbsp;v&nbsp;Ma\u010farsku. B\u011bhem sv\u00e9 kari\u00e9ry proslul d\u016frazem na discipl\u00ednu, taktickou p\u0159ipravenost a&nbsp;pr\u00e1ci s&nbsp;mlad\u00fdmi hr\u00e1\u010di.<\/p>\n\n\n\n<p><strong>Ji\u0159\u00ed Pultera \u2013 vodn\u00ed slalom<\/strong><br>Do historie vodn\u00edho slalomu se nesmazateln\u011b zapsal uzn\u00e1van\u00fd \u010desk\u00fd tren\u00e9r Ji\u0159\u00ed Pultera. V&nbsp;roce 1989 p\u0159evzal roli \u0161\u00e9ftren\u00e9ra \u010desk\u00e9 reprezentace, kterou vedl a\u017e do roku 2021. B\u011bhem sv\u00e9ho p\u016fsoben\u00ed dovedl \u010desk\u00fd t\u00fdm k&nbsp;mnoha \u00fasp\u011bch\u016fm na mezin\u00e1rodn\u00ed sc\u00e9n\u011b, v\u010detn\u011b medail\u00ed z&nbsp;olympijsk\u00fdch her, mistrovstv\u00ed sv\u011bta a&nbsp;Evropy. Jeho odborn\u00e9 veden\u00ed a&nbsp;schopnost motivovat z\u00e1vodn\u00edky byly kl\u00ed\u010dov\u00e9 pro rozvoj \u010desk\u00e9ho vodn\u00edho slalomu. Po ukon\u010den\u00ed tren\u00e9rsk\u00e9 kari\u00e9ry byl uveden do S\u00edn\u011b sl\u00e1vy \u010desk\u00e9ho vodn\u00edho slalomu.<\/p>\n\n\n\n<p><strong>Jaroslava Passerov\u00e1 \u2013 plav\u00e1n\u00ed<\/strong><br>Jaroslava Passerov\u00e1 je vynikaj\u00edc\u00ed vytrvalostn\u00ed tren\u00e9rka s&nbsp;celo\u017eivotn\u00ed zku\u0161enost\u00ed, pova\u017eovan\u00e1 za jednu z&nbsp;nejlep\u0161\u00edch v&nbsp;\u010cesk\u00e9 republice. Specializuje se na individu\u00e1ln\u00ed tr\u00e9ninkov\u00e9 pl\u00e1ny pro plavce v\u0161ech v\u011bkov\u00fdch kategori\u00ed a&nbsp;v\u00fdkonnostn\u00edch \u00farovn\u00ed. Od roku 1978 p\u016fsob\u00ed jako hlavn\u00ed tren\u00e9rka v&nbsp;USK Praha, kde vychovala \u0159adu \u00fasp\u011b\u0161n\u00fdch plavc\u016f, v\u010detn\u011b reprezentant\u016f. Jej\u00edm veden\u00edm pro\u0161el nap\u0159\u00edklad trojn\u00e1sobn\u00fd olympionik a&nbsp;mistr Evropy Jan Micka. Passerov\u00e1 paraleln\u011b tr\u00e9nuje plavce na gymn\u00e1ziu P\u0159\u00edpoto\u010dn\u00ed se sportovn\u00ed p\u0159\u00edpravou a&nbsp;mezi lety 2005\u20132009 vedla \u010deskou juniorskou reprezentaci.<\/p>\n\n\n\n<p><strong>Karel Duspiva \u2013 vzp\u00edr\u00e1n\u00ed<\/strong><br>Karel Duspiva je d\u016fle\u017eitou osobnost\u00ed \u010desk\u00e9ho vzp\u00edr\u00e1n\u00ed a&nbsp;sportovn\u00ed metodiky. Od roku 1965 je \u010dlenem odd\u00edlu vzp\u00edr\u00e1n\u00ed Bohemians Praha. V&nbsp;letech 1974\u20131988 p\u016fsobil v&nbsp;odd\u011blen\u00ed vrcholov\u00e9ho sportu \u00daV \u010cSTV, kde se pod\u00edlel na tvorb\u011b a&nbsp;\u0159\u00edzen\u00ed sportovn\u00edho syst\u00e9mu a&nbsp;metodiky. Jako reprezenta\u010dn\u00ed tren\u00e9r vedl \u010deskoslovensk\u00fd t\u00fdm vzp\u00edr\u00e1n\u00ed mu\u017e\u016f v&nbsp;letech 1990\u20131992, v\u010detn\u011b olympijsk\u00fdch her v&nbsp;Barcelon\u011b 1992. V&nbsp;letech 1993\u20132012 pracoval na Ministerstvu \u0161kolstv\u00ed, ml\u00e1de\u017ee a&nbsp;t\u011blov\u00fdchovy \u010cR. V\u00edce ne\u017e dvacet let se tak\u00e9 v\u011bnuje vzd\u011bl\u00e1v\u00e1n\u00ed tren\u00e9r\u016f v&nbsp;r\u00e1mci \u010cesk\u00e9ho svazu vzp\u00edr\u00e1n\u00ed.<\/p>\n\n\n\n<p><strong>Vlastimil Jansa \u2013 \u0161achy<\/strong><br>\u010cesk\u00fd \u0161achov\u00fd velmistr, tren\u00e9r a&nbsp;n\u011bkolikan\u00e1sobn\u00fd mistr \u010cesk\u00e9 republiky b\u011bhem sv\u00e9 kari\u00e9ry reprezentoval \u010ceskoslovensko i&nbsp;\u010cesko na \u0161achov\u00fdch olympi\u00e1d\u00e1ch a&nbsp;v\u00fdznamn\u00fdch turnaj\u00edch. Krom\u011b aktivn\u00edho hran\u00ed se Vlastimil Jansa v\u011bnuje tr\u00e9nov\u00e1n\u00ed mlad\u00fdch talent\u016f a&nbsp;je uzn\u00e1van\u00fdm \u0161achov\u00fdm pedagogem. K&nbsp;jeho \u017e\u00e1k\u016fm pat\u0159ila t\u0159eba \u010desk\u00e1 \u0161achov\u00e1 jedni\u010dka David Navara, rovn\u011b\u017e byl tren\u00e9rem n\u00e1rodn\u00edho mu\u017estva Lucemburska. Napsal n\u011bkolik \u0161achov\u00fdch knih \u2013 nap\u0159\u00edklad Zahrajte si s&nbsp;velmistry nebo Dynamika strategie zah\u00e1jen\u00ed.<\/p>\n\n\n\n<p><strong>Viktor Znojil \u2013 atletika<\/strong><br>V&nbsp;Atletick\u00e9m klubu Olomouc je Viktor Znojil tren\u00e9rem vrhu koul\u00ed a&nbsp;hodu diskem. Tr\u00e9nov\u00e1n\u00ed se v\u011bnuje u\u017e v\u00edce ne\u017e 60 let a&nbsp;st\u00e1le vede svou skupinu. P\u0159\u00edstup ke sv\u011b\u0159enc\u016fm stav\u00ed na dobrovolnosti a&nbsp;p\u0159\u00e1telsk\u00fdch vztaz\u00edch, p\u0159i\u010dem\u017e klade d\u016fraz na techniku a&nbsp;individu\u00e1ln\u00ed rozvoj sportovc\u016f. Pod jeho veden\u00edm vyrostli \u00fasp\u011b\u0161n\u00ed atleti v\u010detn\u011b Ladislava Pr\u00e1\u0161ila. S\u00e1m o&nbsp;sob\u011b \u0159\u00edk\u00e1: \u201eNejsem profesion\u00e1ln\u00ed tren\u00e9r, jsem sp\u00ed\u0161 d\u016fchodce, kter\u00fd se na stadion chod\u00ed v&nbsp;prvn\u00ed \u0159ad\u011b bavit. Syst\u00e9m, kter\u00fd s&nbsp;d\u011btmi d\u011bl\u00e1m, m\u00e1 ur\u010dit\u00e9 z\u00e1sady, nap\u0159\u00edklad je nek\u00e1r\u00e1m a&nbsp;netrest\u00e1m.\u201c Kdysi p\u016fsobil v&nbsp;Dukle, kde byl v&nbsp;t\u00e9 dob\u011b \u0161\u00e9ftren\u00e9rem Emil Z\u00e1topek.<\/p>\n\n\n\n<p><strong>\u010cTA usiluje o&nbsp;spole\u010densk\u00e9 uzn\u00e1n\u00ed tren\u00e9r\u016f<\/strong><br>Hlavn\u00edm posl\u00e1n\u00edm a&nbsp;\u00fa\u010delem \u010cesk\u00e9 tren\u00e9rsk\u00e9 akademie (\u010cTA) je ji\u017e od roku 2012 odborn\u00e1 \u010dinnost, kterou poskytuje tren\u00e9r\u016fm v&nbsp;oblasti vzd\u011bl\u00e1v\u00e1n\u00ed. Neopomenuteln\u00e1 je tak\u00e9 snaha o&nbsp;pozdvi\u017een\u00ed presti\u017ee tren\u00e9rsk\u00e9 profese, jej\u00ed spole\u010densk\u00e9 uzn\u00e1n\u00ed a&nbsp;ocen\u011bn\u00ed nebo odborn\u00e1 publika\u010dn\u00ed \u010dinnost.&nbsp;Tren\u00e9ra roku vol\u00ed \u010dlenov\u00e9 Unie profesion\u00e1ln\u00edch tren\u00e9r\u016f, kter\u00e1 je sou\u010d\u00e1st\u00ed \u010cesk\u00e9 tren\u00e9rsk\u00e9 akademie.<\/p>\n\n\n\n<p>Aktu\u00e1ln\u011b v&nbsp;n\u00ed zased\u00e1 140 odborn\u00edk\u016f z&nbsp;t\u00e9m\u011b\u0159 40 r\u016fzn\u00fdch sportovn\u00edch svaz\u016f. Anketa je unik\u00e1tn\u00ed i&nbsp;t\u00edm, \u017ee v&nbsp;n\u00ed vol\u00ed pouze tren\u00e9\u0159i. Prvn\u00edm v\u00edt\u011bzem ankety a&nbsp;Tren\u00e9rem roku 2013 se stal Petr Nov\u00e1k, kou\u010d rychlobrusla\u0159ky Martiny S\u00e1bl\u00edkov\u00e9. Je\u0161t\u011b o&nbsp;rok d\u0159\u00edve se v&nbsp;r\u00e1mci nult\u00e9ho ro\u010dn\u00edku otev\u0159ela tren\u00e9rsk\u00e1 S\u00ed\u0148 sl\u00e1vy, do kter\u00e9 byla uvedena des\u00edtka tren\u00e9rsk\u00fdch osobnost\u00ed. Od roku 2017 se ud\u011bluje tak\u00e9 cena pro t\u00fdmov\u00e9 sporty.<\/p>\n\n\n\n<p><strong>Tren\u00e9r roku \u2013 p\u0159ehled v\u00edt\u011bz\u016f:<\/strong><br>2013 \u2013 Petr Nov\u00e1k (rychlobruslen\u00ed)<br>2014 \u2013 Ond\u0159ej Ryb\u00e1\u0159 (biatlon)<br>2015 \u2013 Ond\u0159ej Ryb\u00e1\u0159 (biatlon)<br>2016 \u2013 Petr Lacina (judo)<br>2017 \u2013 Ond\u0159ej Ryb\u00e1\u0159 (individu\u00e1ln\u00ed sporty, biatlon), Ji\u0159\u00ed Zach (kolektivn\u00ed sporty, volejbal)<br>2018 \u2013 Tom\u00e1\u0161 Bank (individu\u00e1ln\u00ed sporty, alpsk\u00e9 ly\u017eov\u00e1n\u00ed), Ronen Ginzburg (kolektivn\u00ed sporty, basketbal)<br>2019 \u2013 Petr Lacina (individu\u00e1ln\u00ed sporty, judo), Ronen Ginzburg (kolektivn\u00ed sporty, basketbal),<br>2020 \u2013 Nezlomn\u00ed tren\u00e9\u0159i (ocen\u011bn\u00ed pro tren\u00e9ry, kte\u0159\u00ed i&nbsp;v&nbsp;dob\u011b pandemie covid-19 dok\u00e1zali motivovat sv\u00e9 sv\u011b\u0159ence ke sportu)<br>2021 \u2013 Petr Lacina (individu\u00e1ln\u00ed sporty, judo), Ronen Ginzburg (kolektivn\u00ed sporty, basketbal)<br>2022 \u2013 Ji\u0159\u00ed Prskavec st. (individu\u00e1ln\u00ed sporty, vodn\u00ed slalom), Radim Rul\u00edk (kolektivn\u00ed sporty, ledn\u00ed hokej)<br>2023 \u2013 Jan \u017delezn\u00fd (individu\u00e1ln\u00ed sporty, atletika), Andrea Tomatis (kolektivn\u00ed sporty, pl\u00e1\u017eov\u00fd volejbal)<br>2024 \u2013 Pavel Dav\u00eddek (individu\u00e1ln\u00ed sporty, kajak) Radim Rul\u00edk (kolektivn\u00ed sporty, hokej)<\/p>\n\n\n\n<div class=\"wp-block-buttons is-layout-flex wp-block-buttons-is-layout-flex\">\n<div class=\"wp-block-button\"><a class=\"wp-block-button__link wp-element-button\" href=\"https:\/\/www.olympijskytym.cz\/article\/trenujte-srdcem-trenery-roku-jsou-davidek-a-rulik-\">P\u0159e\u010d\u00edst cel\u00fd \u010dl\u00e1nek<\/a><\/div>\n<\/div>\n","protected":false},"featured_media":0,"template":"","meta":{"_acf_changed":true},"class_list":["post-30289","aktualita","type-aktualita","status-publish","hentry"],"acf":[],"_links":{"self":[{"href":"https:\/\/new.prim-hodinky.cz\/sk\/wp-json\/wp\/v2\/aktualita\/30289","targetHints":{"allow":["GET"]}}],"collection":[{"href":"https:\/\/new.prim-hodinky.cz\/sk\/wp-json\/wp\/v2\/aktualita"}],"about":[{"href":"https:\/\/new.prim-hodinky.cz\/sk\/wp-json\/wp\/v2\/types\/aktualita"}],"wp:attachment":[{"href":"https:\/\/new.prim-hodinky.cz\/sk\/wp-json\/wp\/v2\/media?parent=30289"}],"curies":[{"name":"wp","href":"https:\/\/api.w.org\/{rel}","templated":true}]}}