{"id":29307,"date":"2025-03-06T19:22:09","date_gmt":"2025-03-06T18:22:09","guid":{"rendered":"https:\/\/new.prim-hodinky.cz\/certifikaty-a-loga-nove\/"},"modified":"2025-03-25T00:01:04","modified_gmt":"2025-03-24T23:01:04","slug":"certyfikaty","status":"publish","type":"page","link":"https:\/\/new.prim-hodinky.cz\/pl\/certyfikaty\/","title":{"rendered":"Certyfikaty"},"content":{"rendered":"<section id=\"b-fnelzb_m7xobaoi\" class=\"brxe-div\"><img decoding=\"async\" class=\"brxe-image\" id=\"b-kfobix_m7xobaoi\" src=\"https:\/\/new.prim-hodinky.cz\/wp-content\/uploads\/2025\/02\/PRIM-TRITIUM-2025_banner-1920x1022_02.webp\" alt><div id=\"b-qbjode_m7xobaoi\" data-script-id=\"qbjode_m7xobaoi\" class=\"brxe-video\"><video src=\"https:\/\/new.prim-hodinky.cz\/wp-content\/uploads\/2025\/01\/PRIM_Reklama_obecna_FINAL_BEZ-PRIM-web-1-1-1.mp4\" preload=\"metadata\" autoplay playsinline onclick=\"this.paused ? this.play() : this.pause()\" loop muted><p>Twoja przegl\u0105darka nie obs\u0142uguje tagu wideo.<\/p><\/video><\/div><div id=\"b-sugqub_m7xobaoi\" class=\"brxe-div mobile-view-section-width\"><h1 id=\"b-pgaefz_m7xobaoi\" class=\"brxe-heading h1 hero-sekce-heading-stylizace\">Certyfikaty i logo PRIM<\/h1><\/div><div id=\"b-eixhqp_m7xobaoi\" class=\"brxe-div arrow-down hero-sekce-heading-stylizace\"><i id=\"b-wfisjw_m7xobaoi\" class=\"ion-md-arrow-round-down brxe-icon\"><\/i><\/div><\/section><div id=\"b-napfly_m7xoel6h\" class=\"brxe-div\"><div id=\"b-ayweor_m7xoel6h\" class=\"brxe-div brx-grid\"><div id=\"b-elmhws_m7xoel6h\" class=\"brxe-div\"><div id=\"b-fiwcpy_m7xoel6h\" class=\"brxe-text text\"><div id=\"b-hubxdu_m4aefclm\" class=\"brxe-div\">\n<div id=\"b-lwmqme_m4aefclm\" class=\"brxe-text text\">\n<div>Sp\u00f3\u0142ka MPM-Quality v. o. s. stosuje znak ochronny PRIM jako jej w\u0142a\u015bciciel, kt\u00f3ry w nale\u017cyty spos\u00f3b kupi\u0142 go od jej by\u0142ego w\u0142a\u015bciciela, i kt\u00f3ry ma wpisany do rejestru znak\u00f3w ochronnych, oraz jest upowa\u017cniony do jego stosowania do oznaczania produkt\u00f3w, dla kt\u00f3rych jest zapisany, mianowicie w znaczeniu przepisu 8 ust\u0119pu 1, 2 ustawy nr 411\/2003 o znakach ochronnych.<\/div>\n<\/p>\n<div>Za sp\u00f3\u0142k\u0105 MPM-QUALITY v.o.s. przemawia, jak prawo z innych wpisanych znak\u00f3w ochronnych, z priorytetem si\u0119gaj\u0105cym a\u017c do roku 1955, tak prawo wy\u0142\u0105czne do u\u017cytkowania pracy autorskiej w wykonaniu logo PRIM, stworzonych przez Mgr. Ji\u0159\u00edgo Rathouskiego, oraz prawo u\u017cytkownika poprzedniego. <\/div>\n<\/p>\n<div>Sp\u00f3\u0142ka MPM-Quality jest jedynym wa\u017cnym w\u0142a\u015bcicielem wszelkich znak\u00f3w ochronnych PRIM, przede wszystkim za\u015b s\u0142ownego znaku ochronnego PRIM w kategoriach 9 i 14. Posiadamy r\u00f3wnie\u017c wszelkie oryginalne graficzne i kombinowane znaki ochronne zapisane ju\u017c od roku 1955 (Kombinowany nr zapisu 152529, priorytet na dzie\u0144 20.12.1955 r.). Chodzi o znaki ochronne PRIM, kt\u00f3re nasza sp\u00f3\u0142ka kupi\u0142a w roku 2001 od jedynego prawowitego w\u0142a\u015bciciela marki Chronotechny \u0160ternberk (Eutech).  <\/div>\n<\/p>\n<\/div>\n<\/div>\n<\/div><\/div><img decoding=\"async\" class=\"brxe-image\" id=\"b-zjyjxo_m7xoel6h\" src=\"https:\/\/new.prim-hodinky.cz\/wp-content\/uploads\/2024\/12\/020_vyber-910x1024-1-768x864.webp\" alt><\/div><\/div><div id=\"b-napfly_m7xof9za\" class=\"brxe-div\"><div id=\"b-eutllh_m7xof9za\" class=\"brxe-div brx-grid\"><div id=\"b-puqlks_m7xof9za\" class=\"brxe-div\"><h3 id=\"b-sfnucy_m7xof9za\" class=\"brxe-heading h3\">REJESTROWANE ZNAKI OCHRONNE<\/h3><div id=\"b-pmylor_m7xof9za\" class=\"brxe-text text\"><div id=\"b-tzzzyr_m4aefclm\" class=\"brxe-text text\">\n<div>Poza innymi mamy jako sp\u00f3\u0142ka MPM-Quality v. o. s. w Urz\u0119dzie w\u0142asno\u015bci przemys\u0142owej  <\/div>\n<div> (\u00daPV) zapisane poni\u017csze obowi\u0105zuj\u0105ce znaki ochronne:<\/div>\n<\/p>\n<ul>\n<li><a href=\"https:\/\/isdv.upv.cz\/webapp\/resdb.print_detail.det?pspis=OZ\/487135&amp;plang=CS\">S\u0142owny nr zapisu 357692, priorytet na dzie\u0144 13.7.2011 r   <br data-mce-bogus=\"1\"> <\/a><\/li>\n<li><a href=\"https:\/\/isdv.upv.cz\/webapp\/resdb.print_detail.det?pspis=OZ\/6260&amp;plang=CS\">Kombinowany nr zapisu 152529, priorytet na dzie\u0144 20.12.1955 r  <br data-mce-bogus=\"1\"> <\/a><\/li>\n<li><a href=\"https:\/\/isdv.upv.cz\/webapp\/resdb.print_detail.det?pspis=OZ\/14583&amp;plang=CS\">Kombinowany nr zapisu 153324, priorytet na dzie\u0144 08.01.1958 r  <br data-mce-bogus=\"1\"> <\/a><\/li>\n<li><a href=\"https:\/\/isdv.upv.cz\/webapp\/resdb.print_detail.det?pspis=OZ\/53821&amp;plang=CS\">Slowna graficka nr zapisu 165917, priorytet na dzie\u0144 11.09.1984 r  <br data-mce-bogus=\"1\"> <\/a><\/li>\n<li><a href=\"https:\/\/isdv.upv.cz\/webapp\/resdb.print_detail.det?pspis=OZ\/121716&amp;plang=CS\">Kombinowany nr zapisu 208817, priorytet na dzie\u0144 30.04.1997 r  <br data-mce-bogus=\"1\"> <\/a><\/li>\n<li><a href=\"https:\/\/isdv.upv.cz\/webapp\/resdb.print_detail.det?pspis=OZ\/154772&amp;plang=CS\">Kombinowany nr zapisu 249929, priorytet na dzie\u0144 21.04.2000 r  <br data-mce-bogus=\"1\"> <\/a><\/li>\n<li><a href=\"https:\/\/isdv.upv.cz\/webapp\/resdb.print_detail.det?pspis=OZ\/506093&amp;plang=CS\">Obrazowy nr zapisu 382324, priorytet na dzie\u0144 17.07.2013 r  <br data-mce-bogus=\"1\"> <\/a><\/li>\n<\/ul>\n<\/div>\n<\/div><\/div><img decoding=\"async\" class=\"brxe-image\" id=\"b-rsphyt_m7xof9za\" src=\"https:\/\/new.prim-hodinky.cz\/wp-content\/uploads\/2024\/12\/IMG_9534_tilt-1024x683-1.webp\" alt><\/div><\/div><section id=\"b-jnfdts_m7xogba0\" class=\"brxe-div\"><img decoding=\"async\" class=\"brxe-image\" id=\"b-cluygv_m7xogba0\" src=\"https:\/\/new.prim-hodinky.cz\/wp-content\/uploads\/2024\/12\/PRIM_znacka_uzky.webp\" alt><\/section><div id=\"b-napfly_m7xogxli\" class=\"brxe-div\"><div id=\"b-ayweor_m7xogxli\" class=\"brxe-div brx-grid\"><div id=\"b-elmhws_m7xogxli\" class=\"brxe-div\"><h3 id=\"b-ekonkc_m7xogxli\" class=\"brxe-heading h3\">Logo PRIM<\/h3><div id=\"b-fiwcpy_m7xogxli\" class=\"brxe-text text\"><div id=\"b-czjqdl_m4aefclm\" class=\"brxe-text text\">\n<p>Do naszej sp\u00f3\u0142ki nale\u017c\u0105 ju\u017c d\u0142ugo dalsze logo PRIM wytworzone przez nasze studio graficzne jako prace autorskie ju\u017c od roku 2002. Nale\u017c\u0105 tam tak\u017ce prace autorskie sp\u00f3\u0142ki Eutech (pierwotnie Chronotechna \u0160ternberk), do kt\u00f3rych posiadamy pierwotn\u0105 dokumentacj\u0119 wykresow\u0105 z roku 1967 i jest wyj\u015bciow\u0105 postaci\u0105 reprodukcyjn\u0105 logo drukowanego PRIM, p\u00f3\u017aniej przetwarzane przez grafik\u00f3w naszej sp\u00f3\u0142ki. <\/p>\n<p><\/p>\n<div>Sp\u00f3\u0142ka MPM-QUALITY v.o.s. ma wy\u0142\u0105czne upowa\u017cnienie do wykorzystania logo PRIM stworzonego przez Mgr. Ji\u0159\u00edgo Rathouskiego, jako jego pracy autorskiej, na podstawie umowy licencyjnej z dnia 25. 06. 2014 r., zawartej ze spadkobiercami praw maj\u0105tkowych po Mgr. Ji\u0159\u00edm Rathouskim, JUDr. Han\u0105 Jare\u0161 Proch\u00e1zkow\u0105 i Anton\u00ednem Jare\u0161em.  <br data-mce-bogus=\"1\">   <\/div>\n<p><\/p>\n<p><\/p>\n<div><b>[JAK POZNAT N\u00c1\u0160 PRIM<br \/><\/b>Nejpou\u017e\u00edvan\u011bj\u0161\u00ed je nejstar\u0161\u00ed oblou\u010dkov\u00e9 logo, kter\u00e9 vzniklo v roce 1955. Tak pozn\u00e1te na\u0161e hodinky PRIM.]  <b>[Nepou\u017e\u00edv\u00e1me \u017e\u00e1dn\u00e9 dopl\u0148ky, texty nad zna\u010dkou ani pod n\u00ed.]<\/b> [Logo pozn\u00e1te v\u017edy, vypad\u00e1 a je p\u0159esn\u00e9 tak jak jste ho znali kdysi. Oblou\u010dkov\u00e9 logo PRIM anebo \u010dtiv\u00fd modern\u00ed logotyp p\u00edsmen PRIM. Prost\u011b zna\u010dka hodinek pro v\u0161echny generace, za dostupn\u00e9 ceny a ve vysok\u00e9 kvalit\u011b, tak jak tomu bylo v\u017edy.]  <\/div>\n<\/div>\n<\/div><\/div><img decoding=\"async\" class=\"brxe-image\" id=\"b-zjyjxo_m7xogxli\" src=\"https:\/\/new.prim-hodinky.cz\/wp-content\/uploads\/2025\/03\/prim-vykres-768x768.png\" alt><\/div><\/div><div id=\"b-pfjxkg_m7xpg3w4\" class=\"brxe-div brx-grid\"><div id=\"b-fphmnr_m7xpg3w4\" class=\"brxe-div\"><h5 id=\"b-kfirlv_m7xpg3w4\" class=\"brxe-heading h5\">HISTORYCZNIE NAJSTARSZE OBECNIE STOSOWANE LOGO<\/h5><div id=\"b-vcvgmm_m7xpg3w4\" class=\"brxe-text text\"><p>Pierwszy znak ochronny PRIM zosta\u0142 zarejestrowany ju\u017c w roku 1955 przez \u0161trembersk\u0105 Chronotechn\u0119 do oznaczenia przez ni\u0105 produkowanych urz\u0105dze\u0144 do pomiaru czasu, chodzi\u0142o o litery PRIM, kt\u00f3re obni\u017caj\u0105 si\u0119 ku kraw\u0119dziom i kt\u00f3re maj\u0105 wok\u00f3\u0142 siebie z g\u00f3ry przerwane obramowanie (tzw. kszta\u0142t bochenka). W roku 1958 zosta\u0142 zarejestrowany przez \u00f3wczesny zak\u0142ad pa\u0144stwowy Chronotechna dalszy znak ochronny PRIM o takiej samej postaci graficznej jak ta z roku 1955. Znak ten zosta\u0142 zarejestrowany tak\u017ce dla zegark\u00f3w nar\u0119cznych.  <\/p>\n<\/div><\/div><img decoding=\"async\" class=\"brxe-image\" id=\"b-rmizxr_m7xpg3w4\" src=\"https:\/\/new.prim-hodinky.cz\/wp-content\/uploads\/2024\/12\/PRIM_1955-logo_kotovani_1-1024x725-1.webp\" alt><\/div><div id=\"b-hoqplb_m7xpyjb0\" class=\"brxe-div brx-grid\"><div id=\"b-csjtyq_m7xpyjb0\" class=\"brxe-div\"><h5 id=\"b-anscqi_m7xpyjb0\" class=\"brxe-heading h5\">OBECNE LOGO<\/h5><div id=\"b-vgwhka_m7xpyjb0\" class=\"brxe-text text\"><div>\n<div>[V sou\u010dasn\u00e9 dob\u011b pou\u017e\u00edv\u00e1me pro ozna\u010dov\u00e1n\u00ed hodinek PRIM logo vytvo\u0159en\u00e9 v roce 1968 jedn\u00edm z nejzn\u00e1m\u011bj\u0161\u00edch \u010desk\u00fdch typograf\u016f a grafick\u00fdm design\u00e9rem Ji\u0159\u00ed Rathousk\u00fdm, kter\u00fd \u00fazce spolupracoval se svou man\u017eelkou Dorou Nov\u00e1kovou a n\u00e1rodn\u00edm podnikem Chronotechna.] <b><a href=\"https:\/\/isdv.upv.cz\/webapp\/resdb.print_detail.det?pspis=OZ\/53821&amp;plang=CS\" target=\"_blank\">Grafick\u00e1 a slovn\u00ed ochrann\u00e1 zn\u00e1mka 1. OZ PRIM \u010d. 165917  <br data-mce-bogus=\"1\"><\/a><\/b>.<\/div>\n<\/div>\n<p><\/p>\n<\/div><\/div><img decoding=\"async\" class=\"brxe-image\" id=\"b-srarmq_m7xpyjb0\" src=\"https:\/\/new.prim-hodinky.cz\/wp-content\/uploads\/2024\/12\/PRIM-smezirkou.webp\" alt><\/div><div id=\"b-pfjxkg_m7xpimia\" class=\"brxe-div brx-grid\"><div id=\"b-fphmnr_m7xpimia\" class=\"brxe-div\"><h5 id=\"b-kfirlv_m7xpimia\" class=\"brxe-heading h5\">OBECNE LOGO<\/h5><div id=\"b-vcvgmm_m7xpimia\" class=\"brxe-text text\"><p>Obecnie stosujemy do oznaczania zegark\u00f3w PRIM tak\u017ce dalsze logo PRIM, kt\u00f3re wywodzi si\u0119 z nowoczesnej czcionki, jest dobrze czytelne, tak na zegarkach, jak i w materia\u0142ach reklamowych. Ma potrzebn\u0105 dynamik\u0119 i r\u00f3wnocze\u015bnie nawi\u0105zuje do tego najlepszego z poprzednich wersji logo PRIM. <\/p>\n<\/div><\/div><img decoding=\"async\" class=\"brxe-image\" id=\"b-rmizxr_m7xpimia\" src=\"https:\/\/new.prim-hodinky.cz\/wp-content\/uploads\/2024\/12\/PRIM_2014-logo_kotovani_2-1024x321-1.webp\" alt><\/div><div id=\"b-hoqplb_m7xpyzc8\" class=\"brxe-div brx-grid\"><div id=\"b-csjtyq_m7xpyzc8\" class=\"brxe-div\"><h5 id=\"b-anscqi_m7xpyzc8\" class=\"brxe-heading h5\">UPROSZCZONYCH LOGO \u2013 ICON<\/h5><div id=\"b-vgwhka_m7xpyzc8\" class=\"brxe-text text\"><\/p>\n<div>Team grafik\u00f3w stworzy\u0142 logo, kt\u00f3re odzwierciedla nasze warto\u015bci tradycji i nowoczesno\u015bci. Litera P jest po\u0142\u0105czona z \u0142ukiem, kt\u00f3ry reprezentuje up\u0142yw czasu. Element ten jest kluczowym symbolem naszej marki. Nowe logo stopniowo pojawi si\u0119 na wszystkich<\/p>\n<\/div>\n<div> naszych modelach i dzia\u0142aniach promocyjnych.<\/div>\n<p>\n<\/div><\/div><img decoding=\"async\" class=\"brxe-image\" id=\"b-srarmq_m7xpyzc8\" src=\"https:\/\/new.prim-hodinky.cz\/wp-content\/uploads\/2025\/03\/prim-loga-male-e1741287435868.png\" alt><\/div><div id=\"b-pfjxkg_m7xpll6x\" class=\"brxe-div brx-grid\"><div id=\"b-fphmnr_m7xpll6x\" class=\"brxe-div\"><h5 id=\"b-kfirlv_m7xpll6x\" class=\"brxe-heading h5\">PRIM MOTTO \u2013 HAS\u0141O DLA NASZYCH KLIENT\u00d3W I PRACOWNIK\u00d3W<\/h5><div id=\"b-vcvgmm_m7xpll6x\" class=\"brxe-text text\"><p>Jako marka zajmuj\u0105ca si\u0119 czasem doceniamy czas ka\u017cdego z klient\u00f3w i pracownik\u00f3w naszej firmy. Zdecydowali\u015bmy si\u0119 zapyta\u0107, co dla nich oznacza marka PRIM? Otrzymali\u015bmy setki pomys\u0142\u00f3w i propozycji. S\u0105 one dla nas bardzo wa\u017cne. Zwyci\u0119skim mottem zosta\u0142o wybrane <b>\u201cPRIM m\u00f3j czas, m\u00f3j \u015bwiat\u201d<\/b>.   <span> Has\u0142o to idealnie okre\u015bla warto\u015bci marki PRIM i naszych r\u00f3\u017cnorodnych klient\u00f3w. Wierzymy, \u017ce z szerokiej oferty zegark\u00f3w ka\u017cdy wybierze sw\u00f3j oryginalny model z kt\u00f3rym  <\/span>b\u0119dzie <b>\u201csw\u00f3j czas\u201d<\/b> sp\u0119dza\u0107 dok\u0142adnie wed\u0142ug <b>\u201cswojego \u015bwiata\u201d<\/b>. Motto to b\u0119dzie mo\u017cna spotka\u0107 przy wielu naszych aktywno\u015bciach marketingowych.<\/p>\n<\/div><\/div><img decoding=\"async\" class=\"brxe-image\" id=\"b-rmizxr_m7xpll6x\" src=\"https:\/\/new.prim-hodinky.cz\/wp-content\/uploads\/2024\/12\/LOGO-SLOGAN.webp\" alt><\/div><section id=\"b-jnfdts_m7xpo4bs\" class=\"brxe-div\"><img decoding=\"async\" class=\"brxe-image\" id=\"b-cluygv_m7xpo4bs\" src=\"https:\/\/new.prim-hodinky.cz\/wp-content\/uploads\/2024\/12\/CZECH-MADE.webp\" alt><\/section><div id=\"b-napfly_m7xpopxd\" class=\"brxe-div\"><div id=\"b-ayweor_m7xpopxd\" class=\"brxe-div brx-grid\"><div id=\"b-elmhws_m7xpopxd\" class=\"brxe-div\"><h3 id=\"b-ekonkc_m7xpopxd\" class=\"brxe-heading h3\">CZECH MADE<\/h3><div id=\"b-fiwcpy_m7xpopxd\" class=\"brxe-text text\"><div id=\"b-mmnnfu_m4aefclm\" class=\"brxe-text text\">\n<p>Korzystamy z zaplecza mocnej firmy z 25-letnim do\u015bwiadczeniem w dziedzinie zegarmistrzostwa, jeste\u015bmy jako jedyni w segmencie zegarmistrzostwa w\u0142a\u015bcicielami certyfikatu CZECH MADE i corocznie regularnie poddajemy certyfikacji nowe modele PRIM.<\/p>\n<p>Zegarki PRIM naszej produkcji s\u0105 nieustannie testowane i ulepszane, dlatego okre\u015blaj\u0105 trendy w dziedzinie. Do naszych klient\u00f3w nale\u017c\u0105 znacz\u0105ce osobisto\u015bci, sportowcy, celebryci, ale szczeg\u00f3lnie Wy, nasi wymagaj\u0105cy klienci, kt\u00f3rzy doceniacie codzienn\u0105 wytrzyma\u0142o\u015b\u0107 i jako\u015b\u0107 zegark\u00f3w PRIM. Nasi designerzy i zegarmistrzowie projektuj\u0105 regularnie nowe kolekcje i wykorzystuj\u0105 najnowsze technologie i materia\u0142y bezpo\u015brednio w centrali naszej sp\u00f3\u0142ki.  <\/p>\n<\/div>\n<\/div><\/div><img decoding=\"async\" class=\"brxe-image\" id=\"b-zjyjxo_m7xpopxd\" src=\"https:\/\/new.prim-hodinky.cz\/wp-content\/uploads\/2025\/03\/czmade-1-1-768x768.png\" alt><\/div><\/div><div id=\"b-pfjxkg_m7xpqytg\" class=\"brxe-div brx-grid\"><div id=\"b-fphmnr_m7xpqytg\" class=\"brxe-div\"><h5 id=\"b-kfirlv_m7xpqytg\" class=\"brxe-heading h5\">[ROZHODNUT\u00cd EUIPO]<\/h5><div id=\"b-vcvgmm_m7xpqytg\" class=\"brxe-text text\"><div id=\"b-mjnzbd_m4aefclm\" class=\"brxe-text text\">\n<p><span>[Dne 1. \u00fanora 2017 bylo na str\u00e1nk\u00e1ch EUIPO zve\u0159ejn\u011bno rozhodnut\u00ed ve v\u011bci n\u00e1vrhu na zru\u0161en\u00ed evropsk\u00e9 zn\u00e1mky protistrany a bylo rozhodnuto:] <\/span><\/p>\n<p><span><\/span><i>[Rozhodnut\u00ed EUIPO \u2013 \u010d\u00e1ste\u010dn\u00e9 zru\u0161en\u00ed evropsk\u00e9 zn\u00e1mky protistrany \u201eManufacture Prim 1949\u201c v podstatn\u00e9 \u010d\u00e1sti seznamu v\u00fdrobk\u016f a slu\u017eeb a pro v\u0161echny v\u00fdrobky a slu\u017eby ve t\u0159\u00edd\u00e1ch 9, 14 a 35.]<\/i><\/p>\n<\/div>\n<\/div><\/div><img decoding=\"async\" class=\"brxe-image\" id=\"b-rmizxr_m7xpqytg\" src=\"https:\/\/new.prim-hodinky.cz\/wp-content\/uploads\/2024\/12\/EU-ipo-rozhodnuti.webp\" alt><\/div><div id=\"b-tyagzm_m7xprk44\" class=\"brxe-div\"><\/div>","protected":false},"excerpt":{"rendered":"","protected":false},"author":1,"featured_media":0,"parent":0,"menu_order":0,"comment_status":"closed","ping_status":"closed","template":"templates\/gutenbricks-dynamic-template-default.php","meta":{"_acf_changed":false,"footnotes":""},"class_list":["post-29307","page","type-page","status-publish","hentry"],"acf":[],"_links":{"self":[{"href":"https:\/\/new.prim-hodinky.cz\/pl\/wp-json\/wp\/v2\/pages\/29307","targetHints":{"allow":["GET"]}}],"collection":[{"href":"https:\/\/new.prim-hodinky.cz\/pl\/wp-json\/wp\/v2\/pages"}],"about":[{"href":"https:\/\/new.prim-hodinky.cz\/pl\/wp-json\/wp\/v2\/types\/page"}],"author":[{"embeddable":true,"href":"https:\/\/new.prim-hodinky.cz\/pl\/wp-json\/wp\/v2\/users\/1"}],"replies":[{"embeddable":true,"href":"https:\/\/new.prim-hodinky.cz\/pl\/wp-json\/wp\/v2\/comments?post=29307"}],"version-history":[{"count":13,"href":"https:\/\/new.prim-hodinky.cz\/pl\/wp-json\/wp\/v2\/pages\/29307\/revisions"}],"predecessor-version":[{"id":30772,"href":"https:\/\/new.prim-hodinky.cz\/pl\/wp-json\/wp\/v2\/pages\/29307\/revisions\/30772"}],"wp:attachment":[{"href":"https:\/\/new.prim-hodinky.cz\/pl\/wp-json\/wp\/v2\/media?parent=29307"}],"curies":[{"name":"wp","href":"https:\/\/api.w.org\/{rel}","templated":true}]}}