{"id":23483,"date":"2024-11-22T22:36:38","date_gmt":"2024-11-22T21:36:38","guid":{"rendered":"https:\/\/new.prim-hodinky.cz\/osobnost\/jan-mazoch\/"},"modified":"2025-01-27T09:12:33","modified_gmt":"2025-01-27T08:12:33","slug":"jan-mazoch","status":"publish","type":"osobnost","link":"https:\/\/new.prim-hodinky.cz\/pl\/osobnost\/jan-mazoch\/","title":{"rendered":"Jan Mazoch"},"content":{"rendered":"\n<div class=\"wp-block-media-text is-stacked-on-mobile\"><figure class=\"wp-block-media-text__media\"><img loading=\"lazy\" decoding=\"async\" width=\"960\" height=\"800\" src=\"https:\/\/new.prim-hodinky.cz\/wp-content\/uploads\/2024\/11\/JAN-MAZOCH-1.webp\" alt=\"\" class=\"wp-image-17826 size-full\" srcset=\"https:\/\/new.prim-hodinky.cz\/wp-content\/uploads\/2024\/11\/JAN-MAZOCH-1.webp 960w, https:\/\/new.prim-hodinky.cz\/wp-content\/uploads\/2024\/11\/JAN-MAZOCH-1-300x250.webp 300w, https:\/\/new.prim-hodinky.cz\/wp-content\/uploads\/2024\/11\/JAN-MAZOCH-1-768x640.webp 768w\" sizes=\"auto, (max-width: 960px) 100vw, 960px\" \/><\/figure><div class=\"wp-block-media-text__content\">\n<p>Mecenasem i ambasadorem modelu zegarka PRIM Sport 68 Czech Team jest te\u017c wnuk legendarnego skoczka narciarskiego Jerzego Raszki-Jan Mazoch. Jan Mazoch to tak\u017ce skoczek narciarski reprezentuj\u0105cy Czechy na zimowych igrzyskach olimpijskich w Turynie w 2006 r., Salt Lake City w 2012 r. oraz na trzech mistrzostwach \u015bwiata. Na jego karier\u0119 bardzo du\u017cy wp\u0142yw mia\u0142 niefortunny wypadek na skoczni w Zakopanem w 2007r.  <\/p>\n\n\n\n<p><em>\u201eW chwili obecnej nie jestem ju\u017c czynnym skoczkiem narciarskim. Moim g\u0142ownym zadaniem jest reprezentowanie fundacji Jedlicka, kt\u00f3ra jest dla mnie niezwykle wa\u017cna. Pr\u00f3buj\u0119 wspiera\u0107 dzieci i m\u0142odzie\u017c, znajduj\u0105ce si\u0119 w stanie trwa\u0142ej niepe\u0142nosprawno\u015bci.\u201c  <\/em><\/p>\n\n\n\n<p><em>\u201eTo dla mnie wielki zaszczyt, \u017ce mog\u0142em by\u0107 cz\u0119\u015bci\u0105 zespo\u0142u, projektuj\u0105cym kolekcj\u0119 zegark\u00f3w dla czeskich olimpijczyk\u00f3w. Upami\u0119tnia ona r\u00f3wnie\u017c rocznic\u0119 z\u0142otego medalu mojego dziadka i stworzenie pierwszych zegark\u00f3w sportowych PRIM. Ciesz\u0119 si\u0119, \u017ce r\u00f3wnie\u017c marka PRIM czynnie w\u0142\u0105czy\u0142a si\u0119 do dzia\u0142alno\u015bci fundacji Jedlicka, kt\u00f3r\u0105 od dawna wspieram.\u201c <\/em><\/p>\n<\/div><\/div>\n","protected":false},"featured_media":0,"template":"","meta":{"_acf_changed":false},"taxonomie-pro-osobnost":[61],"class_list":["post-23483","osobnost","type-osobnost","status-publish","hentry","taxonomie-pro-osobnost-ambasador"],"acf":[],"_links":{"self":[{"href":"https:\/\/new.prim-hodinky.cz\/pl\/wp-json\/wp\/v2\/osobnost\/23483","targetHints":{"allow":["GET"]}}],"collection":[{"href":"https:\/\/new.prim-hodinky.cz\/pl\/wp-json\/wp\/v2\/osobnost"}],"about":[{"href":"https:\/\/new.prim-hodinky.cz\/pl\/wp-json\/wp\/v2\/types\/osobnost"}],"wp:attachment":[{"href":"https:\/\/new.prim-hodinky.cz\/pl\/wp-json\/wp\/v2\/media?parent=23483"}],"wp:term":[{"taxonomy":"taxonomie-pro-osobnost","embeddable":true,"href":"https:\/\/new.prim-hodinky.cz\/pl\/wp-json\/wp\/v2\/taxonomie-pro-osobnost?post=23483"}],"curies":[{"name":"wp","href":"https:\/\/api.w.org\/{rel}","templated":true}]}}