{"id":23478,"date":"2024-11-22T22:42:14","date_gmt":"2024-11-22T21:42:14","guid":{"rendered":"https:\/\/new.prim-hodinky.cz\/osobnost\/ellen-martinkova\/"},"modified":"2025-01-27T09:09:41","modified_gmt":"2025-01-27T08:09:41","slug":"ellen-martinkova","status":"publish","type":"osobnost","link":"https:\/\/new.prim-hodinky.cz\/pl\/osobnost\/ellen-martinkova\/","title":{"rendered":"Ellen Martinkov\u00e1"},"content":{"rendered":"\n<div class=\"wp-block-media-text is-stacked-on-mobile\"><figure class=\"wp-block-media-text__media\"><img loading=\"lazy\" decoding=\"async\" width=\"960\" height=\"800\" src=\"https:\/\/new.prim-hodinky.cz\/wp-content\/uploads\/2024\/11\/ELLEN-MARTINKOVA.webp\" alt=\"\" class=\"wp-image-17741 size-full\" srcset=\"https:\/\/new.prim-hodinky.cz\/wp-content\/uploads\/2024\/11\/ELLEN-MARTINKOVA.webp 960w, https:\/\/new.prim-hodinky.cz\/wp-content\/uploads\/2024\/11\/ELLEN-MARTINKOVA-300x250.webp 300w, https:\/\/new.prim-hodinky.cz\/wp-content\/uploads\/2024\/11\/ELLEN-MARTINKOVA-768x640.webp 768w\" sizes=\"auto, (max-width: 960px) 100vw, 960px\" \/><\/figure><div class=\"wp-block-media-text__content\">\n<p>Ellen jest nasz\u0105 najm\u0142odsz\u0105 ambasadork\u0105 zegark\u00f3w PRIM.<\/p>\n\n\n\n<p>Zegarki PRIM s\u0105 dla dzieci modelami, kt\u00f3re mog\u0105 towarzyszy\u0107 im przez ca\u0142e \u017cycie. Tak to by\u0142o w czasach, kiedy zegarki PRIM powsta\u0142y.Dzisiejsze pokolenie pami\u0119ta niedrogie zegarki, kt\u00f3re nosili ich rodzice lub dziadkowie. Dlatego wa\u017cne dla nas jest, aby utrzyma\u0107 t\u0119 tradycj\u0119 i zbudowa\u0107 wi\u0119\u017a od wczesnego dzieci\u0144stwa.  <\/p>\n\n\n\n<p>Ellen jest dla nas \u015bwietnym przyk\u0142adem, kiedy w wieku 5 lat potrafi rozpozna\u0107 czas. Jest bardzo rozmowna i kontaktowa. Kocha \u201estreet-dance\u201d.<\/p>\n\n\n\n<p>Z jakiego powodu wybra\u0142a model PRIM \u0160kol\u00e1k? Jak m\u00f3wi Ellen: <em>\u201em\u00f3j ulubiony kolor to fioletowy lub czerwony i te zegarki bardzo mi si\u0119 podobaj\u0105\u201d<\/em>. Dzi\u0119ki Jej opinii przygotowalismy nowe kolekcje na ten rok. Jest si\u0119 na co cieszy\u0107!<br\/> <\/p>\n<\/div><\/div>\n","protected":false},"featured_media":0,"template":"","meta":{"_acf_changed":false},"taxonomie-pro-osobnost":[61],"class_list":["post-23478","osobnost","type-osobnost","status-publish","hentry","taxonomie-pro-osobnost-ambasador"],"acf":[],"_links":{"self":[{"href":"https:\/\/new.prim-hodinky.cz\/pl\/wp-json\/wp\/v2\/osobnost\/23478","targetHints":{"allow":["GET"]}}],"collection":[{"href":"https:\/\/new.prim-hodinky.cz\/pl\/wp-json\/wp\/v2\/osobnost"}],"about":[{"href":"https:\/\/new.prim-hodinky.cz\/pl\/wp-json\/wp\/v2\/types\/osobnost"}],"wp:attachment":[{"href":"https:\/\/new.prim-hodinky.cz\/pl\/wp-json\/wp\/v2\/media?parent=23478"}],"wp:term":[{"taxonomy":"taxonomie-pro-osobnost","embeddable":true,"href":"https:\/\/new.prim-hodinky.cz\/pl\/wp-json\/wp\/v2\/taxonomie-pro-osobnost?post=23478"}],"curies":[{"name":"wp","href":"https:\/\/api.w.org\/{rel}","templated":true}]}}